{"id":1204,"date":"2025-10-08T20:34:18","date_gmt":"2025-10-08T18:34:18","guid":{"rendered":"https:\/\/sztukaobecna.eu\/team\/"},"modified":"2025-10-25T18:25:10","modified_gmt":"2025-10-25T16:25:10","slug":"team","status":"publish","type":"page","link":"https:\/\/sztukaobecna.eu\/en\/team\/","title":{"rendered":"Team"},"content":{"rendered":"[vc_row type=&#8221;in_container&#8221; full_screen_row_position=&#8221;middle&#8221; column_margin=&#8221;default&#8221; column_direction=&#8221;default&#8221; column_direction_tablet=&#8221;default&#8221; column_direction_phone=&#8221;default&#8221; scene_position=&#8221;center&#8221; text_color=&#8221;dark&#8221; text_align=&#8221;left&#8221; row_border_radius=&#8221;none&#8221; row_border_radius_applies=&#8221;bg&#8221; overflow=&#8221;visible&#8221; overlay_strength=&#8221;0.3&#8243; gradient_direction=&#8221;left_to_right&#8221; shape_divider_position=&#8221;bottom&#8221; bg_image_animation=&#8221;none&#8221; shape_type=&#8221;&#8221; gradient_type=&#8221;default&#8221;][vc_column column_padding=&#8221;no-extra-padding&#8221; column_padding_tablet=&#8221;inherit&#8221; column_padding_phone=&#8221;inherit&#8221; column_padding_position=&#8221;all&#8221; column_element_direction_desktop=&#8221;default&#8221; column_element_spacing=&#8221;default&#8221; desktop_text_alignment=&#8221;default&#8221; tablet_text_alignment=&#8221;default&#8221; phone_text_alignment=&#8221;default&#8221; background_color_opacity=&#8221;1&#8243; background_hover_color_opacity=&#8221;1&#8243; column_backdrop_filter=&#8221;none&#8221; column_shadow=&#8221;none&#8221; column_border_radius=&#8221;none&#8221; column_link_target=&#8221;_self&#8221; column_position=&#8221;default&#8221; gradient_direction=&#8221;left_to_right&#8221; overlay_strength=&#8221;0.3&#8243; width=&#8221;1\/1&#8243; tablet_width_inherit=&#8221;default&#8221; animation_type=&#8221;default&#8221; bg_image_animation=&#8221;none&#8221; border_type=&#8221;simple&#8221; column_border_width=&#8221;none&#8221; column_border_style=&#8221;solid&#8221;][vc_row_inner column_margin=&#8221;none&#8221; column_direction=&#8221;default&#8221; column_direction_tablet=&#8221;default&#8221; column_direction_phone=&#8221;default&#8221; bottom_padding=&#8221;7%&#8221; text_align=&#8221;left&#8221; row_position=&#8221;default&#8221; row_position_tablet=&#8221;inherit&#8221; row_position_phone=&#8221;inherit&#8221; overflow=&#8221;visible&#8221; pointer_events=&#8221;all&#8221;][vc_column_inner column_padding=&#8221;no-extra-padding&#8221; column_padding_tablet=&#8221;inherit&#8221; column_padding_phone=&#8221;inherit&#8221; column_padding_position=&#8221;all&#8221; left_margin=&#8221;12%&#8221; constrain_group_2=&#8221;yes&#8221; right_margin=&#8221;12%&#8221; left_margin_tablet=&#8221;6%&#8221; constrain_group_4=&#8221;yes&#8221; right_margin_tablet=&#8221;6%&#8221; left_margin_phone=&#8221;0&#8243; constrain_group_6=&#8221;yes&#8221; right_margin_phone=&#8221;0&#8243; column_element_direction_desktop=&#8221;default&#8221; column_element_spacing=&#8221;default&#8221; desktop_text_alignment=&#8221;center&#8221; tablet_text_alignment=&#8221;default&#8221; phone_text_alignment=&#8221;default&#8221; background_color_opacity=&#8221;1&#8243; background_hover_color_opacity=&#8221;1&#8243; column_backdrop_filter=&#8221;none&#8221; column_shadow=&#8221;none&#8221; column_border_radius=&#8221;none&#8221; column_link_target=&#8221;_self&#8221; overflow=&#8221;visible&#8221; gradient_direction=&#8221;left_to_right&#8221; overlay_strength=&#8221;0.3&#8243; width=&#8221;1\/1&#8243; tablet_width_inherit=&#8221;default&#8221; animation_type=&#8221;default&#8221; bg_image_animation=&#8221;none&#8221; border_type=&#8221;simple&#8221; column_border_width=&#8221;none&#8221; column_border_style=&#8221;solid&#8221; column_padding_type=&#8221;default&#8221; gradient_type=&#8221;default&#8221;][split_line_heading animation_type=&#8221;line-reveal-by-space&#8221; font_style=&#8221;h1&#8243; line_reveal_by_space_text_effect=&#8221;default&#8221; content_alignment=&#8221;default&#8221; mobile_content_alignment=&#8221;inherit&#8221; link_target=&#8221;_self&#8221; text_content=&#8221;The Sztuka Obecna Foundation Team&#8221; text_direction=&#8221;default&#8221;]\n<h2><\/h2>\n[\/split_line_heading][vc_column_text css=&#8221;&#8221; text_direction=&#8221;default&#8221;]We understand art in the broadest possible sense, because we know how vast the multitude of forms and languages is through which artists express their relationships with the world, people, and values. That is why we do not make distinctions or separate styles and genres\u2014we look for works that convey lively energy and authentic feelings, emotions, and thoughts. And we encourage you to listen to the chorus of these voices, which are sometimes surprisingly diverse.[\/vc_column_text][\/vc_column_inner][\/vc_row_inner][vc_row_inner column_margin=&#8221;30px&#8221; column_direction=&#8221;default&#8221; column_direction_tablet=&#8221;default&#8221; column_direction_phone=&#8221;default&#8221; text_align=&#8221;left&#8221; row_position=&#8221;default&#8221; row_position_tablet=&#8221;inherit&#8221; row_position_phone=&#8221;inherit&#8221; overflow=&#8221;visible&#8221; pointer_events=&#8221;all&#8221;][vc_column_inner column_padding=&#8221;padding-6-percent&#8221; column_padding_tablet=&#8221;inherit&#8221; column_padding_phone=&#8221;inherit&#8221; column_padding_position=&#8221;top-bottom&#8221; column_element_direction_desktop=&#8221;default&#8221; column_element_spacing=&#8221;default&#8221; desktop_text_alignment=&#8221;default&#8221; tablet_text_alignment=&#8221;default&#8221; phone_text_alignment=&#8221;default&#8221; background_color_opacity=&#8221;1&#8243; background_hover_color_opacity=&#8221;1&#8243; column_backdrop_filter=&#8221;none&#8221; column_shadow=&#8221;none&#8221; column_border_radius=&#8221;none&#8221; column_link_target=&#8221;_self&#8221; overflow=&#8221;visible&#8221; gradient_direction=&#8221;left_to_right&#8221; overlay_strength=&#8221;0.3&#8243; width=&#8221;1\/3&#8243; tablet_width_inherit=&#8221;default&#8221; animation_type=&#8221;default&#8221; enable_animation=&#8221;true&#8221; animation=&#8221;fade-in-from-bottom&#8221; animation_easing=&#8221;default&#8221; bg_image_animation=&#8221;none&#8221; border_type=&#8221;simple&#8221; column_border_width=&#8221;none&#8221; column_border_style=&#8221;solid&#8221; delay=&#8221;50&#8243; column_padding_type=&#8221;default&#8221; gradient_type=&#8221;default&#8221;][team_member image_url=&#8221;1014&#8243; bio_alt_image_url=&#8221;1253&#8243; team_memeber_style=&#8221;bio_fullscreen_alt&#8221; image_loading=&#8221;lazy-load&#8221; team_member_bio_full_html=&#8221;simple&#8221; name=&#8221;Iwona Pokrowska&#8221; social_icon_1=&#8221;fa fa-linkedin&#8221; social_link_1=&#8221;https:\/\/pl.linkedin.com\/in\/iwona-pokrowska-876964b4&#8243; team_member_bio=&#8221;A passionate lover of art, photography, and literature. She loves traveling, which inspires her to meet new people and learn about different cultures. She is guided by empathy and responsibility in her life\u2014she cares deeply about the fate of people and animals. She constantly works on her personal development and eagerly discovers the world around her.   <\/p>\n<p>A mathematics graduate with experience in management, development strategy, and relations with the insurance market. She values professionalism, continuous development, and an ethical approach to business. &#8221; job_position=&#8221;foundation board member&#8221;][\/team_member][divider line_type=&#8221;No Line&#8221; custom_height=&#8221;30&#8243;][team_member image_url=&#8221;1070&#8243; bio_alt_image_url=&#8221;727&#8243; team_memeber_style=&#8221;bio_fullscreen_alt&#8221; image_loading=&#8221;lazy-load&#8221; team_member_bio_full_html=&#8221;simple&#8221; name=&#8221;Tomasz Czech&#8221; job_position=&#8221;founder and board member&#8221; team_member_bio=&#8221;\u2013 an artist, painter, and poster designer by education and passion, graduate of the Academy of Fine Arts in Krakow. For over a quarter of a century, he has been involved in graphic design and publishing art publications. He studies philosophy and theology.  &#8221; social_icon_1=&#8221;fa fa-external-link&#8221; social_link_1=&#8221;https:\/\/tomami.pl&#8221; social_icon_2=&#8221;fa fa-linkedin&#8221; social_link_2=&#8221;https:\/\/pl.linkedin.com\/in\/tomasz-czech-05199974&#8243;][\/team_member][\/vc_column_inner][vc_column_inner column_padding=&#8221;no-extra-padding&#8221; column_padding_tablet=&#8221;inherit&#8221; column_padding_phone=&#8221;inherit&#8221; column_padding_position=&#8221;all&#8221; column_element_direction_desktop=&#8221;default&#8221; column_element_spacing=&#8221;default&#8221; desktop_text_alignment=&#8221;default&#8221; tablet_text_alignment=&#8221;default&#8221; phone_text_alignment=&#8221;default&#8221; background_color_opacity=&#8221;1&#8243; background_hover_color_opacity=&#8221;1&#8243; column_backdrop_filter=&#8221;none&#8221; column_shadow=&#8221;none&#8221; column_border_radius=&#8221;none&#8221; column_link_target=&#8221;_self&#8221; overflow=&#8221;visible&#8221; gradient_direction=&#8221;left_to_right&#8221; overlay_strength=&#8221;0.3&#8243; width=&#8221;1\/3&#8243; tablet_width_inherit=&#8221;default&#8221; animation_type=&#8221;default&#8221; enable_animation=&#8221;true&#8221; animation=&#8221;fade-in-from-bottom&#8221; animation_easing=&#8221;default&#8221; bg_image_animation=&#8221;none&#8221; border_type=&#8221;simple&#8221; column_border_width=&#8221;none&#8221; column_border_style=&#8221;solid&#8221;][team_member image_url=&#8221;723&#8243; bio_alt_image_url=&#8221;1260&#8243; team_memeber_style=&#8221;bio_fullscreen_alt&#8221; image_loading=&#8221;default&#8221; team_member_bio_full_html=&#8221;simple&#8221; name=&#8221;Marta Brincken-Czech&#8221; job_position=&#8221;foundation board member&#8221;][\/team_member][divider line_type=&#8221;No Line&#8221; custom_height=&#8221;120&#8243; custom_height_phone=&#8221;30&#8243;][team_member image_url=&#8221;731&#8243; bio_alt_image_url=&#8221;730&#8243; team_memeber_style=&#8221;bio_fullscreen_alt&#8221; image_loading=&#8221;lazy-load&#8221; team_member_bio_full_html=&#8221;simple&#8221; name=&#8221;Wojciech Sieniawski&#8221; job_position=&#8221;foundation board member&#8221;][\/team_member][\/vc_column_inner][vc_column_inner column_padding=&#8221;padding-4-percent&#8221; column_padding_tablet=&#8221;inherit&#8221; column_padding_phone=&#8221;inherit&#8221; column_padding_position=&#8221;top-bottom&#8221; column_element_direction_desktop=&#8221;default&#8221; column_element_spacing=&#8221;default&#8221; desktop_text_alignment=&#8221;default&#8221; tablet_text_alignment=&#8221;default&#8221; phone_text_alignment=&#8221;default&#8221; background_color_opacity=&#8221;1&#8243; background_hover_color_opacity=&#8221;1&#8243; column_backdrop_filter=&#8221;none&#8221; column_shadow=&#8221;none&#8221; column_border_radius=&#8221;none&#8221; column_link_target=&#8221;_self&#8221; overflow=&#8221;visible&#8221; gradient_direction=&#8221;left_to_right&#8221; overlay_strength=&#8221;0.3&#8243; width=&#8221;1\/3&#8243; tablet_width_inherit=&#8221;default&#8221; animation_type=&#8221;default&#8221; enable_animation=&#8221;true&#8221; animation=&#8221;fade-in-from-bottom&#8221; animation_easing=&#8221;default&#8221; bg_image_animation=&#8221;none&#8221; border_type=&#8221;simple&#8221; column_border_width=&#8221;none&#8221; column_border_style=&#8221;solid&#8221; delay=&#8221;100&#8243;][team_member image_url=&#8221;1067&#8243; bio_alt_image_url=&#8221;1068&#8243; team_memeber_style=&#8221;bio_fullscreen_alt&#8221; image_loading=&#8221;lazy-load&#8221; team_member_bio_full_html=&#8221;simple&#8221; name=&#8221;Marta Forreiter-Weiner&#8221; job_position=&#8221;foundation ambassador&#8221; team_member_bio=&#8221;\u2013 lawyer, manager, and visionary. She specializes in digital marketing, communication, social media, and public relations. Co-founder and board member of the INSPIRA Association of Women in the Maritime Industry. She served as director of the Vessel &amp; Crew Department and creative director at MJM Holdings.   <\/p>\n<p>As Ambassador of the Sztuka Obecna Foundation, she acts as a strategic liaison between the artistic community and the business world. It is not only a function, but also a platform for building sustainable change \u2014 a space where business supports creativity and art becomes a tool for innovation. &#8220;][\/team_member][divider line_type=&#8221;No Line&#8221; custom_height=&#8221;30&#8243;][team_member image_url=&#8221;1257&#8243; bio_alt_image_url=&#8221;1251&#8243; team_memeber_style=&#8221;bio_fullscreen_alt&#8221; image_loading=&#8221;lazy-load&#8221; team_member_bio_full_html=&#8221;simple&#8221; name=&#8221;Pawe\u0142 Stelmach&#8221; job_position=&#8221;foto-video manager&#8221; social_icon_1=&#8221;fa fa-external-link&#8221; social_link_1=&#8221;https:\/\/www.pawelstelmach.pl\/&#8221; social_icon_2=&#8221;fa fa-instagram&#8221; social_link_2=&#8221;https:\/\/www.instagram.com\/pawelstelmach.pl\/&#8221; team_member_bio=&#8221;\u2013 photographer of people and emotions, video creator. Graduate of the Marian Szmidt School of Photography in Warsaw and the Warsaw School of Advertising. Fan of craftsmanship, rural life, and old orchards. Producer of traditional ciders.   &#8220;][\/team_member][divider line_type=&#8221;No Line&#8221; custom_height=&#8221;30&#8243;][team_member image_url=&#8221;930&#8243; bio_alt_image_url=&#8221;756&#8243; team_memeber_style=&#8221;bio_fullscreen_alt&#8221; image_loading=&#8221;lazy-load&#8221; team_member_bio_full_html=&#8221;html&#8221; name=&#8221;Jacek Doroszenko&#8221; job_position=&#8221;foundation board member&#8221; social_icon_1=&#8221;fa fa-external-link&#8221; social_link_1=&#8221;https:\/\/doroszenko.com&#8221; social_icon_2=&#8221;fa fa-instagram&#8221; social_link_2=&#8221;https:\/\/www.instagram.com\/jacek.doroszenko\/&#8221; social_icon_3=&#8221;fa fa-headphones&#8221; social_link_3=&#8221;https:\/\/soundreaming.org\/&#8221; social_icon_4=&#8221;fa fa-spotify&#8221; social_link_4=&#8221;https:\/\/open.spotify.com\/artist\/5BmSYs0XPS63tPqhKOzGbD&#8221;]\u2013 intermedia artist, author of video works, sound installations, and internet projects, graduate of the Academy of Fine Arts in Krakow. Academic teacher at the UKEN Institute of Art and Design in Krakow. Scholarship holder of the European Union NextGenerationEU from KPO funds in 2024, the Minister of Culture and National Heritage in 2020, the City of Toru\u0144 in the field of culture in 2011, and beneficiary of numerous international Artist-in-Residence programs, including AAVC Hangar Barcelona in Spain, Kunstnarhuset Messen \u00c5lvik in Norway, Atelierhaus Salzamt Linz in Austria, The Island Resignified in Greece, Klaipeda Culture Communication Center in Lithuania, and Pragovka Gallery in the Czech Republic. Winner of international competitions, including Fait Gallery Preview, Brno 2016, and What Next, Adam Mickiewicz Institute, Warsaw 2020.     <\/p>\n<p>The artist has presented his works at numerous solo exhibitions and in collaboration with Ewa Doroszenko, including at the Polish Institute in D\u00fcsseldorf, Fait Gallery in Brno, Foto Forum in Bolzano, Witold Lutos\u0142awski National Forum of Music in Wroc\u0142aw, Contemporary Museum in Wroc\u0142aw, Center for Contemporary Art in Toru\u0144, Propaganda Gallery in Warsaw, the bwa City Gallery in Bydgoszcz, the BWA Art Gallery in Olsztyn, Jedna Dva T\u0159i in Prague, the Exgirlfriend Gallery in Berlin, the Nuremberg House in Krakow, the Starak Family Foundation in Warsaw, the Pragovka Gallery in Prague, the Kasia Michalski Gallery in Warsaw, and the Fort Institute of Photography in Warsaw. He has participated in festivals and group exhibitions, including The Wrong New Digital Art Biennale in Rio de Janeiro, FILE Electronic Language International Festival in Sao Paulo, Transmission Arts Festival in Athens, Generate! Festival for Electronic Arts in T\u00fcbingen, ISEA International Symposium on Electronic Art in Vancouver, Athens Digital Arts Festival, Mediations Biennale in Warsaw.     <\/p>\n<p>His visual art resonates in his sound practice. The artist&#8217;s compositions have been released as solo music albums with international reach, including on labels such as Time Released Sound in the US, Eilean Records in France, and Audiobulb in the UK.[\/team_member][\/vc_column_inner][\/vc_row_inner][\/vc_column][\/vc_row]\n","protected":false},"excerpt":{"rendered":"<p>[vc_row type=&#8221;in_container&#8221; full_screen_row_position=&#8221;middle&#8221; column_margin=&#8221;default&#8221; column_direction=&#8221;default&#8221; column_direction_tablet=&#8221;default&#8221; column_direction_phone=&#8221;default&#8221; scene_position=&#8221;center&#8221; text_color=&#8221;dark&#8221; text_align=&#8221;left&#8221; row_border_radius=&#8221;none&#8221; row_border_radius_applies=&#8221;bg&#8221; overflow=&#8221;visible&#8221; overlay_strength=&#8221;0.3&#8243; gradient_direction=&#8221;left_to_right&#8221; shape_divider_position=&#8221;bottom&#8221; bg_image_animation=&#8221;none&#8221; shape_type=&#8221;&#8221; gradient_type=&#8221;default&#8221;][vc_column column_padding=&#8221;no-extra-padding&#8221; column_padding_tablet=&#8221;inherit&#8221; column_padding_phone=&#8221;inherit&#8221; column_padding_position=&#8221;all&#8221; column_element_direction_desktop=&#8221;default&#8221; column_element_spacing=&#8221;default&#8221; desktop_text_alignment=&#8221;default&#8221; tablet_text_alignment=&#8221;default&#8221; phone_text_alignment=&#8221;default&#8221; background_color_opacity=&#8221;1&#8243; background_hover_color_opacity=&#8221;1&#8243;&#8230;<\/p>\n","protected":false},"author":2,"featured_media":0,"parent":0,"menu_order":0,"comment_status":"closed","ping_status":"closed","template":"","meta":{"footnotes":""},"class_list":["post-1204","page","type-page","status-publish"],"yoast_head":"<!-- This site is optimized with the Yoast SEO plugin v27.5 - https:\/\/yoast.com\/product\/yoast-seo-wordpress\/ -->\n<title>Team - Fundacja Sztuka Obecna<\/title>\n<meta name=\"robots\" content=\"index, follow, max-snippet:-1, max-image-preview:large, max-video-preview:-1\" \/>\n<link rel=\"canonical\" href=\"https:\/\/sztukaobecna.eu\/en\/team\/\" \/>\n<meta property=\"og:locale\" content=\"en_US\" \/>\n<meta property=\"og:type\" content=\"article\" \/>\n<meta property=\"og:title\" content=\"Team - Fundacja Sztuka Obecna\" \/>\n<meta property=\"og:description\" content=\"[vc_row type=&#8221;in_container&#8221; full_screen_row_position=&#8221;middle&#8221; column_margin=&#8221;default&#8221; column_direction=&#8221;default&#8221; column_direction_tablet=&#8221;default&#8221; column_direction_phone=&#8221;default&#8221; scene_position=&#8221;center&#8221; text_color=&#8221;dark&#8221; text_align=&#8221;left&#8221; row_border_radius=&#8221;none&#8221; row_border_radius_applies=&#8221;bg&#8221; overflow=&#8221;visible&#8221; overlay_strength=&#8221;0.3&#8243; gradient_direction=&#8221;left_to_right&#8221; shape_divider_position=&#8221;bottom&#8221; bg_image_animation=&#8221;none&#8221; shape_type=&#8221;&#8221; gradient_type=&#8221;default&#8221;][vc_column column_padding=&#8221;no-extra-padding&#8221; column_padding_tablet=&#8221;inherit&#8221; column_padding_phone=&#8221;inherit&#8221; column_padding_position=&#8221;all&#8221; column_element_direction_desktop=&#8221;default&#8221; column_element_spacing=&#8221;default&#8221; desktop_text_alignment=&#8221;default&#8221; tablet_text_alignment=&#8221;default&#8221; phone_text_alignment=&#8221;default&#8221; background_color_opacity=&#8221;1&#8243; background_hover_color_opacity=&#8221;1&#8243;...\" \/>\n<meta property=\"og:url\" content=\"https:\/\/sztukaobecna.eu\/en\/team\/\" \/>\n<meta property=\"og:site_name\" content=\"Fundacja Sztuka Obecna\" \/>\n<meta property=\"article:modified_time\" content=\"2025-10-25T16:25:10+00:00\" \/>\n<meta name=\"twitter:card\" content=\"summary_large_image\" \/>\n<meta name=\"twitter:label1\" content=\"Est. reading time\" \/>\n\t<meta name=\"twitter:data1\" content=\"9 minutes\" \/>\n<script type=\"application\/ld+json\" class=\"yoast-schema-graph\">{\"@context\":\"https:\\\/\\\/schema.org\",\"@graph\":[{\"@type\":\"WebPage\",\"@id\":\"https:\\\/\\\/sztukaobecna.eu\\\/en\\\/team\\\/\",\"url\":\"https:\\\/\\\/sztukaobecna.eu\\\/en\\\/team\\\/\",\"name\":\"Team - Fundacja Sztuka Obecna\",\"isPartOf\":{\"@id\":\"https:\\\/\\\/sztukaobecna.eu\\\/en\\\/#website\"},\"datePublished\":\"2025-10-08T18:34:18+00:00\",\"dateModified\":\"2025-10-25T16:25:10+00:00\",\"breadcrumb\":{\"@id\":\"https:\\\/\\\/sztukaobecna.eu\\\/en\\\/team\\\/#breadcrumb\"},\"inLanguage\":\"en-US\",\"potentialAction\":[{\"@type\":\"ReadAction\",\"target\":[\"https:\\\/\\\/sztukaobecna.eu\\\/en\\\/team\\\/\"]}]},{\"@type\":\"BreadcrumbList\",\"@id\":\"https:\\\/\\\/sztukaobecna.eu\\\/en\\\/team\\\/#breadcrumb\",\"itemListElement\":[{\"@type\":\"ListItem\",\"position\":1,\"name\":\"Strona g\u0142\u00f3wna\",\"item\":\"https:\\\/\\\/sztukaobecna.eu\\\/en\\\/start\\\/\"},{\"@type\":\"ListItem\",\"position\":2,\"name\":\"Team\"}]},{\"@type\":\"WebSite\",\"@id\":\"https:\\\/\\\/sztukaobecna.eu\\\/en\\\/#website\",\"url\":\"https:\\\/\\\/sztukaobecna.eu\\\/en\\\/\",\"name\":\"Fundacja Sztuka Obecna\",\"description\":\"Oficjalna strona fundacji\",\"publisher\":{\"@id\":\"https:\\\/\\\/sztukaobecna.eu\\\/en\\\/#organization\"},\"potentialAction\":[{\"@type\":\"SearchAction\",\"target\":{\"@type\":\"EntryPoint\",\"urlTemplate\":\"https:\\\/\\\/sztukaobecna.eu\\\/en\\\/?s={search_term_string}\"},\"query-input\":{\"@type\":\"PropertyValueSpecification\",\"valueRequired\":true,\"valueName\":\"search_term_string\"}}],\"inLanguage\":\"en-US\"},{\"@type\":\"Organization\",\"@id\":\"https:\\\/\\\/sztukaobecna.eu\\\/en\\\/#organization\",\"name\":\"Fundacja Sztuka Obecna\",\"url\":\"https:\\\/\\\/sztukaobecna.eu\\\/en\\\/\",\"logo\":{\"@type\":\"ImageObject\",\"inLanguage\":\"en-US\",\"@id\":\"https:\\\/\\\/sztukaobecna.eu\\\/en\\\/#\\\/schema\\\/logo\\\/image\\\/\",\"url\":\"https:\\\/\\\/sztukaobecna.eu\\\/wp-content\\\/uploads\\\/2025\\\/08\\\/Fundacja-Sztuka-Obecna-logo-black-RGB.svg\",\"contentUrl\":\"https:\\\/\\\/sztukaobecna.eu\\\/wp-content\\\/uploads\\\/2025\\\/08\\\/Fundacja-Sztuka-Obecna-logo-black-RGB.svg\",\"width\":4000,\"height\":2000,\"caption\":\"Fundacja Sztuka Obecna\"},\"image\":{\"@id\":\"https:\\\/\\\/sztukaobecna.eu\\\/en\\\/#\\\/schema\\\/logo\\\/image\\\/\"},\"sameAs\":[\"https:\\\/\\\/www.instagram.com\\\/fundacja_sztuka_obecna\",\"https:\\\/\\\/www.linkedin.com\\\/company\\\/fundacja-sztuka-obecna\\\/\"]}]}<\/script>\n<!-- \/ Yoast SEO plugin. -->","yoast_head_json":{"title":"Team - Fundacja Sztuka Obecna","robots":{"index":"index","follow":"follow","max-snippet":"max-snippet:-1","max-image-preview":"max-image-preview:large","max-video-preview":"max-video-preview:-1"},"canonical":"https:\/\/sztukaobecna.eu\/en\/team\/","og_locale":"en_US","og_type":"article","og_title":"Team - Fundacja Sztuka Obecna","og_description":"[vc_row type=&#8221;in_container&#8221; full_screen_row_position=&#8221;middle&#8221; column_margin=&#8221;default&#8221; column_direction=&#8221;default&#8221; column_direction_tablet=&#8221;default&#8221; column_direction_phone=&#8221;default&#8221; scene_position=&#8221;center&#8221; text_color=&#8221;dark&#8221; text_align=&#8221;left&#8221; row_border_radius=&#8221;none&#8221; row_border_radius_applies=&#8221;bg&#8221; overflow=&#8221;visible&#8221; overlay_strength=&#8221;0.3&#8243; gradient_direction=&#8221;left_to_right&#8221; shape_divider_position=&#8221;bottom&#8221; bg_image_animation=&#8221;none&#8221; shape_type=&#8221;&#8221; gradient_type=&#8221;default&#8221;][vc_column column_padding=&#8221;no-extra-padding&#8221; column_padding_tablet=&#8221;inherit&#8221; column_padding_phone=&#8221;inherit&#8221; column_padding_position=&#8221;all&#8221; column_element_direction_desktop=&#8221;default&#8221; column_element_spacing=&#8221;default&#8221; desktop_text_alignment=&#8221;default&#8221; tablet_text_alignment=&#8221;default&#8221; phone_text_alignment=&#8221;default&#8221; background_color_opacity=&#8221;1&#8243; background_hover_color_opacity=&#8221;1&#8243;...","og_url":"https:\/\/sztukaobecna.eu\/en\/team\/","og_site_name":"Fundacja Sztuka Obecna","article_modified_time":"2025-10-25T16:25:10+00:00","twitter_card":"summary_large_image","twitter_misc":{"Est. reading time":"9 minutes"},"schema":{"@context":"https:\/\/schema.org","@graph":[{"@type":"WebPage","@id":"https:\/\/sztukaobecna.eu\/en\/team\/","url":"https:\/\/sztukaobecna.eu\/en\/team\/","name":"Team - Fundacja Sztuka Obecna","isPartOf":{"@id":"https:\/\/sztukaobecna.eu\/en\/#website"},"datePublished":"2025-10-08T18:34:18+00:00","dateModified":"2025-10-25T16:25:10+00:00","breadcrumb":{"@id":"https:\/\/sztukaobecna.eu\/en\/team\/#breadcrumb"},"inLanguage":"en-US","potentialAction":[{"@type":"ReadAction","target":["https:\/\/sztukaobecna.eu\/en\/team\/"]}]},{"@type":"BreadcrumbList","@id":"https:\/\/sztukaobecna.eu\/en\/team\/#breadcrumb","itemListElement":[{"@type":"ListItem","position":1,"name":"Strona g\u0142\u00f3wna","item":"https:\/\/sztukaobecna.eu\/en\/start\/"},{"@type":"ListItem","position":2,"name":"Team"}]},{"@type":"WebSite","@id":"https:\/\/sztukaobecna.eu\/en\/#website","url":"https:\/\/sztukaobecna.eu\/en\/","name":"Fundacja Sztuka Obecna","description":"Oficjalna strona fundacji","publisher":{"@id":"https:\/\/sztukaobecna.eu\/en\/#organization"},"potentialAction":[{"@type":"SearchAction","target":{"@type":"EntryPoint","urlTemplate":"https:\/\/sztukaobecna.eu\/en\/?s={search_term_string}"},"query-input":{"@type":"PropertyValueSpecification","valueRequired":true,"valueName":"search_term_string"}}],"inLanguage":"en-US"},{"@type":"Organization","@id":"https:\/\/sztukaobecna.eu\/en\/#organization","name":"Fundacja Sztuka Obecna","url":"https:\/\/sztukaobecna.eu\/en\/","logo":{"@type":"ImageObject","inLanguage":"en-US","@id":"https:\/\/sztukaobecna.eu\/en\/#\/schema\/logo\/image\/","url":"https:\/\/sztukaobecna.eu\/wp-content\/uploads\/2025\/08\/Fundacja-Sztuka-Obecna-logo-black-RGB.svg","contentUrl":"https:\/\/sztukaobecna.eu\/wp-content\/uploads\/2025\/08\/Fundacja-Sztuka-Obecna-logo-black-RGB.svg","width":4000,"height":2000,"caption":"Fundacja Sztuka Obecna"},"image":{"@id":"https:\/\/sztukaobecna.eu\/en\/#\/schema\/logo\/image\/"},"sameAs":["https:\/\/www.instagram.com\/fundacja_sztuka_obecna","https:\/\/www.linkedin.com\/company\/fundacja-sztuka-obecna\/"]}]}},"_links":{"self":[{"href":"https:\/\/sztukaobecna.eu\/en\/wp-json\/wp\/v2\/pages\/1204","targetHints":{"allow":["GET"]}}],"collection":[{"href":"https:\/\/sztukaobecna.eu\/en\/wp-json\/wp\/v2\/pages"}],"about":[{"href":"https:\/\/sztukaobecna.eu\/en\/wp-json\/wp\/v2\/types\/page"}],"author":[{"embeddable":true,"href":"https:\/\/sztukaobecna.eu\/en\/wp-json\/wp\/v2\/users\/2"}],"replies":[{"embeddable":true,"href":"https:\/\/sztukaobecna.eu\/en\/wp-json\/wp\/v2\/comments?post=1204"}],"version-history":[{"count":4,"href":"https:\/\/sztukaobecna.eu\/en\/wp-json\/wp\/v2\/pages\/1204\/revisions"}],"predecessor-version":[{"id":1271,"href":"https:\/\/sztukaobecna.eu\/en\/wp-json\/wp\/v2\/pages\/1204\/revisions\/1271"}],"wp:attachment":[{"href":"https:\/\/sztukaobecna.eu\/en\/wp-json\/wp\/v2\/media?parent=1204"}],"curies":[{"name":"wp","href":"https:\/\/api.w.org\/{rel}","templated":true}]}}